{"id":2031,"date":"2023-01-22T17:58:02","date_gmt":"2023-01-22T16:58:02","guid":{"rendered":"https:\/\/www.seclantas-adentro-vinos.com\/?page_id=2031"},"modified":"2026-03-08T13:40:28","modified_gmt":"2026-03-08T12:40:28","slug":"vinification","status":"publish","type":"page","link":"https:\/\/www.seclantas-adentro-vinos.com\/fr\/vinification\/","title":{"rendered":"Vins singuliers"},"content":{"rendered":"<h2 id=\"malbec\" style=\"text-align: center;\"><em>Malbec<\/em><\/h2>\n<h2><a href=\"http:\/\/www.seclantas-adentro-vinos.com\/wp-content\/uploads\/2015\/03\/FL0A4463M.jpg\"><img loading=\"lazy\" decoding=\"async\" class=\"size-medium wp-image-314 aligncenter\" src=\"http:\/\/www.seclantas-adentro-vinos.com\/wp-content\/uploads\/2015\/03\/FL0A4463M-666x500.jpg\" alt=\"FL0A4463M\" width=\"666\" height=\"500\" srcset=\"https:\/\/www.seclantas-adentro-vinos.com\/wp-content\/uploads\/2015\/03\/FL0A4463M-666x500.jpg 666w, https:\/\/www.seclantas-adentro-vinos.com\/wp-content\/uploads\/2015\/03\/FL0A4463M-266x200.jpg 266w, https:\/\/www.seclantas-adentro-vinos.com\/wp-content\/uploads\/2015\/03\/FL0A4463M-1066x800.jpg 1066w, https:\/\/www.seclantas-adentro-vinos.com\/wp-content\/uploads\/2015\/03\/FL0A4463M.jpg 1200w\" sizes=\"auto, (max-width: 666px) 100vw, 666px\" \/><\/a><\/h2>\n<p>Nos raisins sont si concentr\u00e9s et expressifs qu\u2019ils m\u00e9ritent d\u2019\u00eatre montr\u00e9s dans toute leur authenticit\u00e9. C\u2019est pour cette raison que nous avons choisi de ne pas faire l&rsquo;\u00e9levage au contact du bois et d&rsquo;\u00e9viter toute intervention intempestive lors de la vinification. Quoi de plus naturel, quand on recherche que les vins puissent exprimer toute la richesse et la personnalit\u00e9 de l\u2019endroit o\u00f9 ils sont n\u00e9s ?<br \/>\nLes raisins cueillis \u00e0 la main et tri\u00e9s \u00e0 la vigne sont \u00e9grappes et fermentent avec des levures indig\u00e8nes dans des cuves d\u2019acier inoxydable \u00e0 des temp\u00e9ratures contr\u00f4l\u00e9es entre 28 et 30\u00b0C. Durant cette p\u00e9riode des remontages doux sont r\u00e9alis\u00e9s pour obtenir l\u2019extraction optimale de la couleur et de la structure tannique du vin.<br \/>\nUne fois termin\u00e9e la fermentation alcoolique le vin passe dans d\u2019autres cuves en acier inoxydable o\u00f9 la fermentation malolactique a lieu spontan\u00e9ment. Il n\u2019est pas rare que du fait des temp\u00e9ratures basses de l&rsquo;hiver la fermentation malolactique s\u2019arr\u00eate pour reprendre au printemps. Une fois mis en bouteille, l&rsquo;\u00e9levage du Malbec se poursuit pendant minimum cinq ans avant d\u2019\u00eatre commercialis\u00e9.<\/p>\n<p>&nbsp;<\/p>\n<p>&nbsp;<\/p>\n<h2 id=\"tannat\" style=\"text-align: center;\"><em>Tannat<\/em><\/h2>\n<p><a href=\"http:\/\/www.seclantas-adentro-vinos.com\/wp-content\/uploads\/2015\/03\/FL0A4508T.jpg\"><img loading=\"lazy\" decoding=\"async\" class=\"size-medium wp-image-315 aligncenter\" src=\"http:\/\/www.seclantas-adentro-vinos.com\/wp-content\/uploads\/2015\/03\/FL0A4508T-666x500.jpg\" alt=\"FL0A4508T\" width=\"666\" height=\"500\" srcset=\"https:\/\/www.seclantas-adentro-vinos.com\/wp-content\/uploads\/2015\/03\/FL0A4508T-666x500.jpg 666w, https:\/\/www.seclantas-adentro-vinos.com\/wp-content\/uploads\/2015\/03\/FL0A4508T-266x200.jpg 266w, https:\/\/www.seclantas-adentro-vinos.com\/wp-content\/uploads\/2015\/03\/FL0A4508T-1066x800.jpg 1066w, https:\/\/www.seclantas-adentro-vinos.com\/wp-content\/uploads\/2015\/03\/FL0A4508T.jpg 1200w\" sizes=\"auto, (max-width: 666px) 100vw, 666px\" \/><\/a><\/p>\n<p>Le tannat, c\u00e9page exigeant et aust\u00e8re, originaire du sud-ouest de la France a trouv\u00e9 \u00e0 Seclantas Adentro, sous les poivriers roses, un lieu pour exprimer toute sa puissance et \u00e9l\u00e9gance aromatique dans un registre unique.<br \/>\nLe tannat est devenu d\u00e8s sa premi\u00e8re cuv\u00e9e en 2011 le vin iconique du domaine. Ses caract\u00e9ristiques li\u00e9es au d\u00e9sert min\u00e9ral dans lequel se d\u00e9veloppe la vigne, tranche avec la version atlantique du c\u00e9page connue en France et en Uruguay.<br \/>\nLes raisins cueillis \u00e0 la main sont \u00e9grapp\u00e9s et fermentent avec leurs levures natives dans des cuves d\u2019acier inoxydable. L\u2019\u00e9levage se fait pendant neuf mois dans des vieilles barriques de troisi\u00e8me ou quatri\u00e8me usage afin d\u2019arrondir les tannins de ce c\u00e9page rebelle. L&rsquo;\u00e9levage se poursuit en bouteille pendant au moins cinq ans avant la mise sur le march\u00e9. Le Tannat n&rsquo;est point un vin pour tous les go\u00fbts, sa puissance et sa personnalit\u00e9 \u00e2pre ne recherchant pas le consensus. Cependant, ces qui aiment ce c\u00e9page, sont des grands amateurs, sachant distinguer les vins d&rsquo;exception.<\/p>\n<h2><\/h2>\n<h2 id=\"criolla\" style=\"text-align: center;\"><em>Criolla<\/em><\/h2>\n<p><img loading=\"lazy\" decoding=\"async\" class=\"wp-image-2759 aligncenter\" src=\"https:\/\/www.seclantas-adentro-vinos.com\/wp-content\/uploads\/2026\/03\/IMG_8708-410x800.jpeg\" alt=\"\" width=\"239\" height=\"466\" srcset=\"https:\/\/www.seclantas-adentro-vinos.com\/wp-content\/uploads\/2026\/03\/IMG_8708-410x800.jpeg 410w, https:\/\/www.seclantas-adentro-vinos.com\/wp-content\/uploads\/2026\/03\/IMG_8708-256x500.jpeg 256w, https:\/\/www.seclantas-adentro-vinos.com\/wp-content\/uploads\/2026\/03\/IMG_8708-103x200.jpeg 103w, https:\/\/www.seclantas-adentro-vinos.com\/wp-content\/uploads\/2026\/03\/IMG_8708-768x1498.jpeg 768w, https:\/\/www.seclantas-adentro-vinos.com\/wp-content\/uploads\/2026\/03\/IMG_8708-787x1536.jpeg 787w, https:\/\/www.seclantas-adentro-vinos.com\/wp-content\/uploads\/2026\/03\/IMG_8708-1050x2048.jpeg 1050w, https:\/\/www.seclantas-adentro-vinos.com\/wp-content\/uploads\/2026\/03\/IMG_8708-12x24.jpeg 12w, https:\/\/www.seclantas-adentro-vinos.com\/wp-content\/uploads\/2026\/03\/IMG_8708-18x36.jpeg 18w, https:\/\/www.seclantas-adentro-vinos.com\/wp-content\/uploads\/2026\/03\/IMG_8708-25x48.jpeg 25w, https:\/\/www.seclantas-adentro-vinos.com\/wp-content\/uploads\/2026\/03\/IMG_8708-scaled.jpeg 1312w\" sizes=\"auto, (max-width: 239px) 100vw, 239px\" \/><\/p>\n<p style=\"font-weight: 400;\">La Criolla Chica, lointain descendant du Listan Prieto, c\u00e9page castillan robuste et g\u00e9n\u00e9reux, est arriv\u00e9e en Am\u00e9rique aux XVI si\u00e8cle lors de la conqu\u00eate.<br \/>\nIl a longtemps servi comme \u00ab\u00a0vin de messe\u00a0\u00bb dans une parfait anonymat et dans les Vall\u00e9es Calchaqu\u00edes il n\u2019est pas rare de voir quelques pieds de vigne Criolla plant\u00e9s autour des maisons.<br \/>\nCe n\u2019est que depuis une vingtaine d&rsquo;ann\u00e9es que la vinification de la Criolla dans un esprit gastronomique a permis de produire des vins l\u00e9gers, d\u2019un fruit\u00e9 subtil et tr\u00e8s faciles \u00e0 boire, donnant ainsi des lettres de noblesse \u00e0 ce c\u00e9page ancestral.<br \/>\nLes raisins issus de vignes franches de pied quasi centenaires, sont cueillis \u00e0 la main, \u00e9grapp\u00e9s en grande majorit\u00e9, puis fermentent avec des levures natives dans des cuves inox \u00e0 basses temp\u00e9ratures. L&rsquo;extraction est douce et l\u2019\u00e9levage est r\u00e9alis\u00e9 dans des vieilles barriques de 225 litres de ch\u00eane fran\u00e7ais de quatri\u00e8me et cinqui\u00e8me usage pendant 12 mois.<\/p>\n<h2 id=\"grenache\" style=\"text-align: center;\"><\/h2>\n<h2 style=\"text-align: center;\"><em><strong>Grenache<\/strong>\u00a0<\/em><\/h2>\n<p><img loading=\"lazy\" decoding=\"async\" class=\"wp-image-2749 aligncenter\" src=\"https:\/\/www.seclantas-adentro-vinos.com\/wp-content\/uploads\/2026\/03\/IMG_0843-518x800.jpeg\" alt=\"\" width=\"385\" height=\"595\" srcset=\"https:\/\/www.seclantas-adentro-vinos.com\/wp-content\/uploads\/2026\/03\/IMG_0843-518x800.jpeg 518w, https:\/\/www.seclantas-adentro-vinos.com\/wp-content\/uploads\/2026\/03\/IMG_0843-323x500.jpeg 323w, https:\/\/www.seclantas-adentro-vinos.com\/wp-content\/uploads\/2026\/03\/IMG_0843-129x200.jpeg 129w, https:\/\/www.seclantas-adentro-vinos.com\/wp-content\/uploads\/2026\/03\/IMG_0843-768x1187.jpeg 768w, https:\/\/www.seclantas-adentro-vinos.com\/wp-content\/uploads\/2026\/03\/IMG_0843-994x1536.jpeg 994w, https:\/\/www.seclantas-adentro-vinos.com\/wp-content\/uploads\/2026\/03\/IMG_0843-1325x2048.jpeg 1325w, https:\/\/www.seclantas-adentro-vinos.com\/wp-content\/uploads\/2026\/03\/IMG_0843-16x24.jpeg 16w, https:\/\/www.seclantas-adentro-vinos.com\/wp-content\/uploads\/2026\/03\/IMG_0843-23x36.jpeg 23w, https:\/\/www.seclantas-adentro-vinos.com\/wp-content\/uploads\/2026\/03\/IMG_0843-31x48.jpeg 31w, https:\/\/www.seclantas-adentro-vinos.com\/wp-content\/uploads\/2026\/03\/IMG_0843-scaled.jpeg 1656w\" sizes=\"auto, (max-width: 385px) 100vw, 385px\" \/><\/p>\n<p>En 2017 et 2018, toujours \u00e0 la recherche d&rsquo;un renouveau des c\u00e9pages des vall\u00e9es Calchaqu\u00edes, nous avons plant\u00e9 sur 0,5 hectare, d&rsquo;un seul tenant, des vignes de grenache noir, franches de pied, qui ont mis plusieurs ann\u00e9es \u00e0 s&rsquo;acclimater \u00e0 cette altitude. C&rsquo;est d&rsquo;ailleurs la plus haute vigne de Grenache au monde&#8230;<\/p>\n<p>Le terroir de schiste sur lequel sont plant\u00e9es les vignes, l&rsquo;exposition id\u00e9ale, la maturit\u00e9 optimale des raisins lors des vendanges et une vinification en oeuf de b\u00e9ton ont permis en 2023 d&rsquo;obtenir un vin particuli\u00e8rement surprenant : robe cerise d&rsquo;une belle puret\u00e9, nez floral sur des p\u00e9tales de rose et g\u00e9ranium, des petits fruits rouges, fraise et framboise, sur une trame \u00e9pic\u00e9e typique du domaine. La bouche est d\u00e9licate, fraiche, pleine d&rsquo;\u00e9l\u00e9gance et la longueur en bouche est port\u00e9e par une belle acidit\u00e9.<\/p>\n<p>Cette cuv\u00e9e a re\u00e7ue un accueil quasiment unanime et a \u00e9t\u00e9 rapidement r\u00e9f\u00e9renc\u00e9e par des grandes tables \u00e9toil\u00e9es du Michelin en France.<\/p>\n","protected":false},"excerpt":{"rendered":"<p>Malbec Nos raisins sont si concentr\u00e9s et expressifs qu\u2019ils m\u00e9ritent d\u2019\u00eatre montr\u00e9s dans toute leur authenticit\u00e9. C\u2019est pour cette raison que nous avons choisi de ne pas faire l&rsquo;\u00e9levage au contact du bois et d&rsquo;\u00e9viter toute intervention intempestive lors de la vinification. Quoi de plus naturel, quand on recherche que les vins puissent exprimer toute [&hellip;]<\/p>\n","protected":false},"author":2,"featured_media":0,"parent":0,"menu_order":0,"comment_status":"open","ping_status":"closed","template":"template-fullwidth.php","meta":{"_mi_skip_tracking":false,"footnotes":""},"class_list":["post-2031","page","type-page","status-publish","hentry"],"yoast_head":"<!-- This site is optimized with the Yoast SEO plugin v20.4 - https:\/\/yoast.com\/wordpress\/plugins\/seo\/ -->\n<title>Vins singuliers - Seclantas Adentro<\/title>\n<meta name=\"robots\" content=\"index, follow, max-snippet:-1, max-image-preview:large, max-video-preview:-1\" \/>\n<link rel=\"canonical\" href=\"https:\/\/www.seclantas-adentro-vinos.com\/fr\/vinification\/\" \/>\n<meta property=\"og:locale\" content=\"fr_FR\" \/>\n<meta property=\"og:type\" content=\"article\" \/>\n<meta property=\"og:title\" content=\"Vins singuliers - Seclantas Adentro\" \/>\n<meta property=\"og:description\" content=\"Malbec Nos raisins sont si concentr\u00e9s et expressifs qu\u2019ils m\u00e9ritent d\u2019\u00eatre montr\u00e9s dans toute leur authenticit\u00e9. C\u2019est pour cette raison que nous avons choisi de ne pas faire l&rsquo;\u00e9levage au contact du bois et d&rsquo;\u00e9viter toute intervention intempestive lors de la vinification. Quoi de plus naturel, quand on recherche que les vins puissent exprimer toute [&hellip;]\" \/>\n<meta property=\"og:url\" content=\"https:\/\/www.seclantas-adentro-vinos.com\/fr\/vinification\/\" \/>\n<meta property=\"og:site_name\" content=\"Seclantas Adentro\" \/>\n<meta property=\"article:publisher\" content=\"https:\/\/www.facebook.com\/seclantas.adentro\" \/>\n<meta property=\"article:modified_time\" content=\"2026-03-08T12:40:28+00:00\" \/>\n<meta property=\"og:image\" content=\"http:\/\/www.seclantas-adentro-vinos.com\/wp-content\/uploads\/2015\/03\/FL0A4463M-666x500.jpg\" \/>\n<meta name=\"twitter:card\" content=\"summary_large_image\" \/>\n<meta name=\"twitter:label1\" content=\"Dur\u00e9e de lecture estim\u00e9e\" \/>\n\t<meta name=\"twitter:data1\" content=\"4 minutes\" \/>\n<script type=\"application\/ld+json\" class=\"yoast-schema-graph\">{\"@context\":\"https:\/\/schema.org\",\"@graph\":[{\"@type\":\"WebPage\",\"@id\":\"https:\/\/www.seclantas-adentro-vinos.com\/fr\/vinification\/\",\"url\":\"https:\/\/www.seclantas-adentro-vinos.com\/fr\/vinification\/\",\"name\":\"Vins singuliers - Seclantas Adentro\",\"isPartOf\":{\"@id\":\"https:\/\/www.seclantas-adentro-vinos.com\/fr\/#website\"},\"datePublished\":\"2023-01-22T16:58:02+00:00\",\"dateModified\":\"2026-03-08T12:40:28+00:00\",\"breadcrumb\":{\"@id\":\"https:\/\/www.seclantas-adentro-vinos.com\/fr\/vinification\/#breadcrumb\"},\"inLanguage\":\"fr-FR\",\"potentialAction\":[{\"@type\":\"ReadAction\",\"target\":[\"https:\/\/www.seclantas-adentro-vinos.com\/fr\/vinification\/\"]}]},{\"@type\":\"BreadcrumbList\",\"@id\":\"https:\/\/www.seclantas-adentro-vinos.com\/fr\/vinification\/#breadcrumb\",\"itemListElement\":[{\"@type\":\"ListItem\",\"position\":1,\"name\":\"Accueil\",\"item\":\"https:\/\/www.seclantas-adentro-vinos.com\/fr\/\"},{\"@type\":\"ListItem\",\"position\":2,\"name\":\"Vins singuliers\"}]},{\"@type\":\"WebSite\",\"@id\":\"https:\/\/www.seclantas-adentro-vinos.com\/fr\/#website\",\"url\":\"https:\/\/www.seclantas-adentro-vinos.com\/fr\/\",\"name\":\"Seclantas Adentro\",\"description\":\"An exceptional wine  The quintessence of the Calchaqu\u00ed Valley.\",\"potentialAction\":[{\"@type\":\"SearchAction\",\"target\":{\"@type\":\"EntryPoint\",\"urlTemplate\":\"https:\/\/www.seclantas-adentro-vinos.com\/fr\/?s={search_term_string}\"},\"query-input\":\"required name=search_term_string\"}],\"inLanguage\":\"fr-FR\"}]}<\/script>\n<!-- \/ Yoast SEO plugin. -->","yoast_head_json":{"title":"Vins singuliers - Seclantas Adentro","robots":{"index":"index","follow":"follow","max-snippet":"max-snippet:-1","max-image-preview":"max-image-preview:large","max-video-preview":"max-video-preview:-1"},"canonical":"https:\/\/www.seclantas-adentro-vinos.com\/fr\/vinification\/","og_locale":"fr_FR","og_type":"article","og_title":"Vins singuliers - Seclantas Adentro","og_description":"Malbec Nos raisins sont si concentr\u00e9s et expressifs qu\u2019ils m\u00e9ritent d\u2019\u00eatre montr\u00e9s dans toute leur authenticit\u00e9. C\u2019est pour cette raison que nous avons choisi de ne pas faire l&rsquo;\u00e9levage au contact du bois et d&rsquo;\u00e9viter toute intervention intempestive lors de la vinification. Quoi de plus naturel, quand on recherche que les vins puissent exprimer toute [&hellip;]","og_url":"https:\/\/www.seclantas-adentro-vinos.com\/fr\/vinification\/","og_site_name":"Seclantas Adentro","article_publisher":"https:\/\/www.facebook.com\/seclantas.adentro","article_modified_time":"2026-03-08T12:40:28+00:00","og_image":[{"url":"http:\/\/www.seclantas-adentro-vinos.com\/wp-content\/uploads\/2015\/03\/FL0A4463M-666x500.jpg"}],"twitter_card":"summary_large_image","twitter_misc":{"Dur\u00e9e de lecture estim\u00e9e":"4 minutes"},"schema":{"@context":"https:\/\/schema.org","@graph":[{"@type":"WebPage","@id":"https:\/\/www.seclantas-adentro-vinos.com\/fr\/vinification\/","url":"https:\/\/www.seclantas-adentro-vinos.com\/fr\/vinification\/","name":"Vins singuliers - Seclantas Adentro","isPartOf":{"@id":"https:\/\/www.seclantas-adentro-vinos.com\/fr\/#website"},"datePublished":"2023-01-22T16:58:02+00:00","dateModified":"2026-03-08T12:40:28+00:00","breadcrumb":{"@id":"https:\/\/www.seclantas-adentro-vinos.com\/fr\/vinification\/#breadcrumb"},"inLanguage":"fr-FR","potentialAction":[{"@type":"ReadAction","target":["https:\/\/www.seclantas-adentro-vinos.com\/fr\/vinification\/"]}]},{"@type":"BreadcrumbList","@id":"https:\/\/www.seclantas-adentro-vinos.com\/fr\/vinification\/#breadcrumb","itemListElement":[{"@type":"ListItem","position":1,"name":"Accueil","item":"https:\/\/www.seclantas-adentro-vinos.com\/fr\/"},{"@type":"ListItem","position":2,"name":"Vins singuliers"}]},{"@type":"WebSite","@id":"https:\/\/www.seclantas-adentro-vinos.com\/fr\/#website","url":"https:\/\/www.seclantas-adentro-vinos.com\/fr\/","name":"Seclantas Adentro","description":"An exceptional wine  The quintessence of the Calchaqu\u00ed Valley.","potentialAction":[{"@type":"SearchAction","target":{"@type":"EntryPoint","urlTemplate":"https:\/\/www.seclantas-adentro-vinos.com\/fr\/?s={search_term_string}"},"query-input":"required name=search_term_string"}],"inLanguage":"fr-FR"}]}},"_links":{"self":[{"href":"https:\/\/www.seclantas-adentro-vinos.com\/fr\/wp-json\/wp\/v2\/pages\/2031","targetHints":{"allow":["GET"]}}],"collection":[{"href":"https:\/\/www.seclantas-adentro-vinos.com\/fr\/wp-json\/wp\/v2\/pages"}],"about":[{"href":"https:\/\/www.seclantas-adentro-vinos.com\/fr\/wp-json\/wp\/v2\/types\/page"}],"author":[{"embeddable":true,"href":"https:\/\/www.seclantas-adentro-vinos.com\/fr\/wp-json\/wp\/v2\/users\/2"}],"replies":[{"embeddable":true,"href":"https:\/\/www.seclantas-adentro-vinos.com\/fr\/wp-json\/wp\/v2\/comments?post=2031"}],"version-history":[{"count":40,"href":"https:\/\/www.seclantas-adentro-vinos.com\/fr\/wp-json\/wp\/v2\/pages\/2031\/revisions"}],"predecessor-version":[{"id":2801,"href":"https:\/\/www.seclantas-adentro-vinos.com\/fr\/wp-json\/wp\/v2\/pages\/2031\/revisions\/2801"}],"wp:attachment":[{"href":"https:\/\/www.seclantas-adentro-vinos.com\/fr\/wp-json\/wp\/v2\/media?parent=2031"}],"curies":[{"name":"wp","href":"https:\/\/api.w.org\/{rel}","templated":true}]}}