{"id":2015,"date":"2023-01-22T17:01:58","date_gmt":"2023-01-22T16:01:58","guid":{"rendered":"https:\/\/www.seclantas-adentro-vinos.com\/?page_id=2015"},"modified":"2023-06-29T12:48:13","modified_gmt":"2023-06-29T11:48:13","slug":"vins-dextreme-altitude","status":"publish","type":"page","link":"https:\/\/www.seclantas-adentro-vinos.com\/fr\/vins-dextreme-altitude\/","title":{"rendered":"Vignes d&rsquo;extr\u00eame altitude"},"content":{"rendered":"<p><a href=\"http:\/\/www.seclantas-adentro-vinos.com\/wp-content\/uploads\/2015\/01\/IMG_2783-e1422723309279.jpg\"><img loading=\"lazy\" decoding=\"async\" class=\"size-medium wp-image-270 aligncenter\" src=\"http:\/\/www.seclantas-adentro-vinos.com\/wp-content\/uploads\/2015\/01\/IMG_2783-666x500.jpg\" alt=\"IMG_2783\" width=\"666\" height=\"500\" \/><\/a><\/p>\n<h2 id=\"lieu\" style=\"text-align: center;\">UN LIEU<\/h2>\n<p>La province de Salta est r\u00e9put\u00e9e pour sa beaut\u00e9 hors norme et son h\u00e9ritage viticole multis\u00e9culaire. L\u2019immense majorit\u00e9 des vignes sont plant\u00e9es dans les Vall\u00e9es Calchaquies, une succession de vall\u00e9es s\u2019\u00e9tirant du nord au sud le long du pi\u00e9mont andin et dont le paysage majestueux est domin\u00e9 par un d\u00e9sert min\u00e9ral entrecoup\u00e9 de quelques oasis de verdure en bordure des rivi\u00e8res.<br \/>\nLes principaux domaines viticoles sont concentr\u00e9s autour de Cafayate, petite ville situ\u00e9e \u00e0 1700 m\u00e8tres d\u2019altitude, alors que les hautes Vall\u00e9es Calchaquies, difficiles d\u2019acc\u00e8s et ayant peu de ressources, sont la derni\u00e8re fronti\u00e8re, l\u00e0 o\u00f9 cultiver la vigne et faire du vin rel\u00e8vent de l\u2019exploit.<br \/>\nAu c\u0153ur des hautes Vall\u00e9es Calchaquies, perch\u00e9es \u00e0 2200 m\u00e8tres d\u2019altitudes, notre domaine, comprenant seulement 4 hectares de vignes est situ\u00e9 dans le minuscule village homonyme de Seclantas Adentro.<\/p>\n<p><a href=\"http:\/\/www.seclantas-adentro-vinos.com\/wp-content\/uploads\/2015\/01\/IMG_00592-e1422727957764.jpg\"><img loading=\"lazy\" decoding=\"async\" class=\"wp-image-277 aligncenter\" src=\"http:\/\/www.seclantas-adentro-vinos.com\/wp-content\/uploads\/2015\/01\/IMG_00592-750x500.jpg\" alt=\"IMG_0059\" width=\"674\" height=\"449\" \/><\/a><\/p>\n<h2 id=\"terroir\" style=\"text-align: center;\">UN TERROIR<\/h2>\n<p>\u00c0 cette altitude, les conditions climatiques sont extr\u00eames : l\u2019ensoleillement est particuli\u00e8rement intense, les hivers sont froids, les gel\u00e9es fr\u00e9quentes et l\u2019amplitude thermique, \u00e0 savoir, l\u2019\u00e9cart de temp\u00e9rature entre le jour et la nuit, peut atteindre l\u2019\u00e9t\u00e9 25\u00b0C.<br \/>\nCette diff\u00e9rence de temp\u00e9rature favorise la concentration des tannins et la conservation de l\u2019acidit\u00e9 dans les raisins.<br \/>\nLe sol est sablonneux avec des pierres calcaires. Il est constitu\u00e9 d\u2019alluvions sur une base granitique. Tr\u00e8s profond, pauvre en mati\u00e8re organique et perm\u00e9able, il permet aux raisins de d\u00e9velopper des ar\u00f4mes uniques.<\/p>\n<p><a href=\"http:\/\/www.seclantas-adentro-vinos.com\/wp-content\/uploads\/2014\/07\/IMG_0177-e1422723505664.jpg\"><img loading=\"lazy\" decoding=\"async\" class=\"size-medium wp-image-143 aligncenter\" src=\"http:\/\/www.seclantas-adentro-vinos.com\/wp-content\/uploads\/2014\/07\/IMG_0177-719x500.jpg\" alt=\"uvas de malbec en las vinas\" width=\"719\" height=\"500\" \/><\/a> <\/p>\n<h2 id=\"les-vignes\" style=\"text-align: center;\">LES VIGNES<\/h2>\n<p>\u00c0 partir de 2007, nous avons plant\u00e9 quatre hectares de vignes non greff\u00e9es avec une exposition optimale pour chacun des c\u00e9pages. Si le malbec re\u00e7oit directement le soleil, le tannat est prot\u00e9g\u00e9 par le feuillage des poivriers roses.<br \/>\nD\u00e8s l&rsquo;origine, la gestion du domaine a eu pour objectif l&rsquo;intervention minimale dans le vignoble et le respect absolu du terroir.<br \/>\nL&rsquo;eau, vitale pour la survie de la vigne dans ce milieu d\u00e9sertique, provient du d\u00e9gel des Andes au printemps et des pluies en haute montagne en \u00e9t\u00e9. L&rsquo;eau est achemin\u00e9e par des canaux d&rsquo;une complexit\u00e9 remarquable qui remontent \u00e0 l&rsquo;\u00e9poque inca et sont g\u00e9r\u00e9s par la communaut\u00e9.<\/p>\n<p>De la vigne \u00e0 la cave, toutes les \u00e9tapes de l&rsquo;\u00e9laboration du vin sont enti\u00e8rement artisanales, refl\u00e9tant notre vision exigeante, respectueuse de la terre et de ses produits.<br \/>\nLe moment des vendanges est choisi chaque ann\u00e9e lorsque les raisins sont parfaitement m\u00fbrs.<br \/>\nLes rendements sont tr\u00e8s faibles, comme on peut l&rsquo;imaginer, autour de 20 hl\/ha.<\/p>\n","protected":false},"excerpt":{"rendered":"<p>UN LIEU La province de Salta est r\u00e9put\u00e9e pour sa beaut\u00e9 hors norme et son h\u00e9ritage viticole multis\u00e9culaire. L\u2019immense majorit\u00e9 des vignes sont plant\u00e9es dans les Vall\u00e9es Calchaquies, une succession de vall\u00e9es s\u2019\u00e9tirant du nord au sud le long du pi\u00e9mont andin et dont le paysage majestueux est domin\u00e9 par un d\u00e9sert min\u00e9ral entrecoup\u00e9 de [&hellip;]<\/p>\n","protected":false},"author":2,"featured_media":0,"parent":0,"menu_order":0,"comment_status":"open","ping_status":"closed","template":"template-fullwidth.php","meta":{"_mi_skip_tracking":false,"footnotes":""},"class_list":["post-2015","page","type-page","status-publish","hentry"],"yoast_head":"<!-- This site is optimized with the Yoast SEO plugin v20.4 - https:\/\/yoast.com\/wordpress\/plugins\/seo\/ -->\n<title>Vignes d&#039;extr\u00eame altitude - Seclantas Adentro<\/title>\n<meta name=\"robots\" content=\"index, follow, max-snippet:-1, max-image-preview:large, max-video-preview:-1\" \/>\n<link rel=\"canonical\" href=\"https:\/\/www.seclantas-adentro-vinos.com\/fr\/vins-dextreme-altitude\/\" \/>\n<meta property=\"og:locale\" content=\"fr_FR\" \/>\n<meta property=\"og:type\" content=\"article\" \/>\n<meta property=\"og:title\" content=\"Vignes d&#039;extr\u00eame altitude - Seclantas Adentro\" \/>\n<meta property=\"og:description\" content=\"UN LIEU La province de Salta est r\u00e9put\u00e9e pour sa beaut\u00e9 hors norme et son h\u00e9ritage viticole multis\u00e9culaire. L\u2019immense majorit\u00e9 des vignes sont plant\u00e9es dans les Vall\u00e9es Calchaquies, une succession de vall\u00e9es s\u2019\u00e9tirant du nord au sud le long du pi\u00e9mont andin et dont le paysage majestueux est domin\u00e9 par un d\u00e9sert min\u00e9ral entrecoup\u00e9 de [&hellip;]\" \/>\n<meta property=\"og:url\" content=\"https:\/\/www.seclantas-adentro-vinos.com\/fr\/vins-dextreme-altitude\/\" \/>\n<meta property=\"og:site_name\" content=\"Seclantas Adentro\" \/>\n<meta property=\"article:publisher\" content=\"https:\/\/www.facebook.com\/seclantas.adentro\" \/>\n<meta property=\"article:modified_time\" content=\"2023-06-29T11:48:13+00:00\" \/>\n<meta property=\"og:image\" content=\"http:\/\/www.seclantas-adentro-vinos.com\/wp-content\/uploads\/2015\/01\/IMG_2783-666x500.jpg\" \/>\n<meta name=\"twitter:card\" content=\"summary_large_image\" \/>\n<meta name=\"twitter:label1\" content=\"Dur\u00e9e de lecture estim\u00e9e\" \/>\n\t<meta name=\"twitter:data1\" content=\"3 minutes\" \/>\n<script type=\"application\/ld+json\" class=\"yoast-schema-graph\">{\"@context\":\"https:\/\/schema.org\",\"@graph\":[{\"@type\":\"WebPage\",\"@id\":\"https:\/\/www.seclantas-adentro-vinos.com\/fr\/vins-dextreme-altitude\/\",\"url\":\"https:\/\/www.seclantas-adentro-vinos.com\/fr\/vins-dextreme-altitude\/\",\"name\":\"Vignes d'extr\u00eame altitude - Seclantas Adentro\",\"isPartOf\":{\"@id\":\"https:\/\/www.seclantas-adentro-vinos.com\/fr\/#website\"},\"datePublished\":\"2023-01-22T16:01:58+00:00\",\"dateModified\":\"2023-06-29T11:48:13+00:00\",\"breadcrumb\":{\"@id\":\"https:\/\/www.seclantas-adentro-vinos.com\/fr\/vins-dextreme-altitude\/#breadcrumb\"},\"inLanguage\":\"fr-FR\",\"potentialAction\":[{\"@type\":\"ReadAction\",\"target\":[\"https:\/\/www.seclantas-adentro-vinos.com\/fr\/vins-dextreme-altitude\/\"]}]},{\"@type\":\"BreadcrumbList\",\"@id\":\"https:\/\/www.seclantas-adentro-vinos.com\/fr\/vins-dextreme-altitude\/#breadcrumb\",\"itemListElement\":[{\"@type\":\"ListItem\",\"position\":1,\"name\":\"Accueil\",\"item\":\"https:\/\/www.seclantas-adentro-vinos.com\/fr\/\"},{\"@type\":\"ListItem\",\"position\":2,\"name\":\"Vignes d&rsquo;extr\u00eame altitude\"}]},{\"@type\":\"WebSite\",\"@id\":\"https:\/\/www.seclantas-adentro-vinos.com\/fr\/#website\",\"url\":\"https:\/\/www.seclantas-adentro-vinos.com\/fr\/\",\"name\":\"Seclantas Adentro\",\"description\":\"An exceptional wine  The quintessence of the Calchaqu\u00ed Valley.\",\"potentialAction\":[{\"@type\":\"SearchAction\",\"target\":{\"@type\":\"EntryPoint\",\"urlTemplate\":\"https:\/\/www.seclantas-adentro-vinos.com\/fr\/?s={search_term_string}\"},\"query-input\":\"required name=search_term_string\"}],\"inLanguage\":\"fr-FR\"}]}<\/script>\n<!-- \/ Yoast SEO plugin. -->","yoast_head_json":{"title":"Vignes d'extr\u00eame altitude - Seclantas Adentro","robots":{"index":"index","follow":"follow","max-snippet":"max-snippet:-1","max-image-preview":"max-image-preview:large","max-video-preview":"max-video-preview:-1"},"canonical":"https:\/\/www.seclantas-adentro-vinos.com\/fr\/vins-dextreme-altitude\/","og_locale":"fr_FR","og_type":"article","og_title":"Vignes d'extr\u00eame altitude - Seclantas Adentro","og_description":"UN LIEU La province de Salta est r\u00e9put\u00e9e pour sa beaut\u00e9 hors norme et son h\u00e9ritage viticole multis\u00e9culaire. L\u2019immense majorit\u00e9 des vignes sont plant\u00e9es dans les Vall\u00e9es Calchaquies, une succession de vall\u00e9es s\u2019\u00e9tirant du nord au sud le long du pi\u00e9mont andin et dont le paysage majestueux est domin\u00e9 par un d\u00e9sert min\u00e9ral entrecoup\u00e9 de [&hellip;]","og_url":"https:\/\/www.seclantas-adentro-vinos.com\/fr\/vins-dextreme-altitude\/","og_site_name":"Seclantas Adentro","article_publisher":"https:\/\/www.facebook.com\/seclantas.adentro","article_modified_time":"2023-06-29T11:48:13+00:00","og_image":[{"url":"http:\/\/www.seclantas-adentro-vinos.com\/wp-content\/uploads\/2015\/01\/IMG_2783-666x500.jpg"}],"twitter_card":"summary_large_image","twitter_misc":{"Dur\u00e9e de lecture estim\u00e9e":"3 minutes"},"schema":{"@context":"https:\/\/schema.org","@graph":[{"@type":"WebPage","@id":"https:\/\/www.seclantas-adentro-vinos.com\/fr\/vins-dextreme-altitude\/","url":"https:\/\/www.seclantas-adentro-vinos.com\/fr\/vins-dextreme-altitude\/","name":"Vignes d'extr\u00eame altitude - Seclantas Adentro","isPartOf":{"@id":"https:\/\/www.seclantas-adentro-vinos.com\/fr\/#website"},"datePublished":"2023-01-22T16:01:58+00:00","dateModified":"2023-06-29T11:48:13+00:00","breadcrumb":{"@id":"https:\/\/www.seclantas-adentro-vinos.com\/fr\/vins-dextreme-altitude\/#breadcrumb"},"inLanguage":"fr-FR","potentialAction":[{"@type":"ReadAction","target":["https:\/\/www.seclantas-adentro-vinos.com\/fr\/vins-dextreme-altitude\/"]}]},{"@type":"BreadcrumbList","@id":"https:\/\/www.seclantas-adentro-vinos.com\/fr\/vins-dextreme-altitude\/#breadcrumb","itemListElement":[{"@type":"ListItem","position":1,"name":"Accueil","item":"https:\/\/www.seclantas-adentro-vinos.com\/fr\/"},{"@type":"ListItem","position":2,"name":"Vignes d&rsquo;extr\u00eame altitude"}]},{"@type":"WebSite","@id":"https:\/\/www.seclantas-adentro-vinos.com\/fr\/#website","url":"https:\/\/www.seclantas-adentro-vinos.com\/fr\/","name":"Seclantas Adentro","description":"An exceptional wine  The quintessence of the Calchaqu\u00ed Valley.","potentialAction":[{"@type":"SearchAction","target":{"@type":"EntryPoint","urlTemplate":"https:\/\/www.seclantas-adentro-vinos.com\/fr\/?s={search_term_string}"},"query-input":"required name=search_term_string"}],"inLanguage":"fr-FR"}]}},"_links":{"self":[{"href":"https:\/\/www.seclantas-adentro-vinos.com\/fr\/wp-json\/wp\/v2\/pages\/2015","targetHints":{"allow":["GET"]}}],"collection":[{"href":"https:\/\/www.seclantas-adentro-vinos.com\/fr\/wp-json\/wp\/v2\/pages"}],"about":[{"href":"https:\/\/www.seclantas-adentro-vinos.com\/fr\/wp-json\/wp\/v2\/types\/page"}],"author":[{"embeddable":true,"href":"https:\/\/www.seclantas-adentro-vinos.com\/fr\/wp-json\/wp\/v2\/users\/2"}],"replies":[{"embeddable":true,"href":"https:\/\/www.seclantas-adentro-vinos.com\/fr\/wp-json\/wp\/v2\/comments?post=2015"}],"version-history":[{"count":29,"href":"https:\/\/www.seclantas-adentro-vinos.com\/fr\/wp-json\/wp\/v2\/pages\/2015\/revisions"}],"predecessor-version":[{"id":2276,"href":"https:\/\/www.seclantas-adentro-vinos.com\/fr\/wp-json\/wp\/v2\/pages\/2015\/revisions\/2276"}],"wp:attachment":[{"href":"https:\/\/www.seclantas-adentro-vinos.com\/fr\/wp-json\/wp\/v2\/media?parent=2015"}],"curies":[{"name":"wp","href":"https:\/\/api.w.org\/{rel}","templated":true}]}}